{"id":1520,"date":"2014-10-16T11:45:52","date_gmt":"2014-10-16T10:45:52","guid":{"rendered":"https:\/\/psicologo-especialista-barcelona.com\/blog\/?page_id=1520"},"modified":"2014-10-16T11:57:44","modified_gmt":"2014-10-16T10:57:44","slug":"11-anos-de-tratamiento","status":"publish","type":"page","link":"https:\/\/psicologo-especialista-barcelona.com\/blog\/apoyo-psicologico\/11-anos-de-tratamiento\/","title":{"rendered":"11 a\u00f1os de tratamiento"},"content":{"rendered":"<h1 style=\"text-align: center;\"><strong>11 a\u00f1os de tratamiento<\/strong><\/h1>\n<p><span style=\"color: #ff9900;\">PREGUNTA<\/span><\/p>\n<p>Deseo preguntar en el blog: Hola que tal, llevo <strong>11 a\u00f1os en tratamiento psiqui\u00e1trico y psicol\u00f3gicos<\/strong>, el \u00fanico diagn\u00f3stico claro que tengo es el de trastorno depresivo recurrente, los dem\u00e1s a d\u00eda de hoy son trastorno de personalidad mixta f-61 y otros trastornos mentales debido a disfunci\u00f3n cerebral. Estoy muy frustrado por que<strong> tomo 24 pastillas al d\u00eda<\/strong>, decir que me tratan tambi\u00e9n la unidad del dolor, neurolog\u00eda y reumatolog\u00eda.\u00a0<strong> He intentado suicidarme ya 3 veces<\/strong> quisiera saber c\u00f3mo afrontar este diagn\u00f3stico incierto y que me va consumiendo poco a poco. Encima despu\u00e9s de 5 a\u00f1os me cambian de psiquiatra. Tendr\u00e9 alg\u00fan d\u00eda un diagn\u00f3stico definitivo y fiable, tanta incertidumbre me derrumba. Gracias, un saludo.<\/p>\n<p><img loading=\"lazy\" class=\"aligncenter size-full wp-image-1595\" src=\"https:\/\/psicologo-especialista-barcelona.com\/blog\/wp-content\/uploads\/2014\/10\/antidepresivos.jpg\" alt=\"Antidepresivos para la depresi\u00f3n\" width=\"450\" height=\"300\" srcset=\"https:\/\/psicologo-especialista-barcelona.com\/blog\/wp-content\/uploads\/2014\/10\/antidepresivos.jpg 450w, https:\/\/psicologo-especialista-barcelona.com\/blog\/wp-content\/uploads\/2014\/10\/antidepresivos-300x200.jpg 300w\" sizes=\"(max-width: 450px) 100vw, 450px\" \/><\/p>\n<p style=\"text-align: justify;\"><span style=\"color: #00d600;\">RESPUESTA<\/span><\/p>\n<p style=\"text-align: justify;\">Llevamos demasiado tiempo sin una respuesta clara o un diagn\u00f3stico que nos indique qu\u00e9 nos ocurre, pero lo m\u00e1s preocupante en estos casos es la falta de mejor\u00eda sintomatol\u00f3gica. Si bien es cierto que en muchas casos no queda claro el diagn\u00f3stico y esto nos preocupa, generalmente hemos de intentar ir m\u00e1s all\u00e1 de nuestro diagn\u00f3stico y como m\u00ednimo tener identificados cu\u00e1les son mis s\u00edntomas tanto f\u00edsicos como mentales que me afligen. Y aprender a tener recursos o herramientas para neutralizarlos o en el mejor de los casos eliminarlos.<\/p>\n<p style=\"text-align: justify;\">Hay una cita muy famosa de Albert Einstein que dice <strong>\u00abLa locura es hacer la misma cosa una y otra vez esperando obtener diferentes resultados\u00bb<\/strong> Y me parece una de las frases m\u00e1s acertadas de la historia pero que desgraciadamente la ponemos muy poco en pr\u00e1ctica. Est\u00e1 claro que llevamos 11 a\u00f1os haciendo algo mal. Podemos atribuirle la culpa a los f\u00e1rmacos, a los psiquiatras, a los psic\u00f3logos y a uno mismo. Pero no estamos aqu\u00ed para buscar culpables, sino para encontrar soluciones. Resulta evidente que algo hemos de cambiar, desde nuestra medicaci\u00f3n, puesto que parece no ser efectiva, hasta nuestros tratamientos psicol\u00f3gicos; queda patente que no son efectivos, y sigo necesitando ayuda.<\/p>\n<p style=\"text-align: justify;\">\u00bfMi problema es que no tengo diagn\u00f3stico o que me ocurre algo?.\u00a0 \u00bfTengo claro qu\u00e9 es lo que me ocurre?. \u00bfEstoy buscando soluciones para ello?. \u00bfSon efectivas?. \u00bfPruebo otras soluciones alternativas?\u00a0 Parece ser que tras 11 a\u00f1os toca un cambio y suele ser m\u00e1s efectivo mirar hacia dentro que hacia afuera a la hora de hacer cambios. M\u00e1s all\u00e1 que yo pueda cambiar de tratamiento o de especialista, he de preguntarme: \u00bf yo tambi\u00e9n puedo cambiar? \u00bfYo estoy poniendo alguna resistencia a mejorar? \u00bfPodr\u00eda hacer m\u00e1s?. Estamos ante una situaci\u00f3n en la que conviene pararnos a pensar y analizar todas las posibles fuentes de nuestro malestar, pero luego nos tocar\u00e1 la parte m\u00e1s complicada <strong>CAMBIAR<\/strong>.<\/p>\n<p style=\"text-align: center;\">Si quieres participar en el blog y preguntarnos algo, haz click aqu\u00ed.<\/p>\n<p><a href=\"https:\/\/psicologo-especialista-barcelona.com\/blog\/apoyo-psicologico\/\"><img loading=\"lazy\" class=\"aligncenter size-full wp-image-697\" title=\"El psic\u00f3logo contestar\u00e1 tus preguntas\" src=\"https:\/\/psicologo-especialista-barcelona.com\/blog\/wp-content\/uploads\/2012\/12\/manda-tu-consulta.png\" alt=\"manda-tu-consulta\" width=\"200\" height=\"107\" \/><\/a><\/p>\n<p>Rub\u00e9n Blasco, Psic\u00f3logo Colegiado N\u00ba 14830.<\/p>\n<p>M\u00e1s informaci\u00f3n en<a href=\"http:\/\/psicologo-especialista-barcelona.com\" target=\"_blank\"> psicologo-especialista-barcelona.com<\/a><\/p>\n","protected":false},"excerpt":{"rendered":"<p>11 a\u00f1os de tratamiento PREGUNTA Deseo preguntar en el blog: Hola que tal, llevo 11 a\u00f1os en tratamiento psiqui\u00e1trico y psicol\u00f3gicos, el \u00fanico diagn\u00f3stico claro que tengo es el de trastorno depresivo recurrente, los dem\u00e1s a d\u00eda de hoy son trastorno de personalidad mixta f-61 y otros trastornos mentales debido a disfunci\u00f3n cerebral. Estoy muy &hellip; <\/p>\n<p><a class=\"more-link btn\" href=\"https:\/\/psicologo-especialista-barcelona.com\/blog\/apoyo-psicologico\/11-anos-de-tratamiento\/\">Seguir leyendo<\/a><\/p>\n","protected":false},"author":1,"featured_media":1595,"parent":630,"menu_order":0,"comment_status":"open","ping_status":"open","template":"","meta":[],"aioseo_notices":[],"_links":{"self":[{"href":"https:\/\/psicologo-especialista-barcelona.com\/blog\/wp-json\/wp\/v2\/pages\/1520"}],"collection":[{"href":"https:\/\/psicologo-especialista-barcelona.com\/blog\/wp-json\/wp\/v2\/pages"}],"about":[{"href":"https:\/\/psicologo-especialista-barcelona.com\/blog\/wp-json\/wp\/v2\/types\/page"}],"author":[{"embeddable":true,"href":"https:\/\/psicologo-especialista-barcelona.com\/blog\/wp-json\/wp\/v2\/users\/1"}],"replies":[{"embeddable":true,"href":"https:\/\/psicologo-especialista-barcelona.com\/blog\/wp-json\/wp\/v2\/comments?post=1520"}],"version-history":[{"count":5,"href":"https:\/\/psicologo-especialista-barcelona.com\/blog\/wp-json\/wp\/v2\/pages\/1520\/revisions"}],"predecessor-version":[{"id":1599,"href":"https:\/\/psicologo-especialista-barcelona.com\/blog\/wp-json\/wp\/v2\/pages\/1520\/revisions\/1599"}],"up":[{"embeddable":true,"href":"https:\/\/psicologo-especialista-barcelona.com\/blog\/wp-json\/wp\/v2\/pages\/630"}],"wp:featuredmedia":[{"embeddable":true,"href":"https:\/\/psicologo-especialista-barcelona.com\/blog\/wp-json\/wp\/v2\/media\/1595"}],"wp:attachment":[{"href":"https:\/\/psicologo-especialista-barcelona.com\/blog\/wp-json\/wp\/v2\/media?parent=1520"}],"curies":[{"name":"wp","href":"https:\/\/api.w.org\/{rel}","templated":true}]}}